{"id":12090,"date":"2017-11-15T17:31:29","date_gmt":"2017-11-15T16:31:29","guid":{"rendered":"http:\/\/bat.itpowernet.it\/?page_id=12090"},"modified":"2017-12-13T14:51:12","modified_gmt":"2017-12-13T13:51:12","slug":"neuigkeiten","status":"publish","type":"page","link":"https:\/\/www.batgroup.com\/de\/neuigkeiten\/","title":{"rendered":"Neuigkeiten"},"content":{"rendered":"<p>[vc_row layout=&#8221;boxed&#8221; el_class=&#8221;margin-bottom-100&#8243;][vc_column width=&#8221;3\/4&#8243; el_class=&#8221;col-md-9 col-sm-12&#8243;]            <div class=\"shortcode-blog-wrap  \" >\n                <div class=\"blog-wrap timeline\">\n                    <div class=\"blog-inner clearfix blog-style-timeline\">\n                        <article id=\"post-153365\" class=\"clearfix post-153365 post type-post status-publish format-standard has-post-thumbnail hentry category-nachrichten tag-bat-de tag-markise tag-pergola-de tag-sirio-de\">\n            <div class=\"entry-timeline\">\n            <span class=\"timeline-note\"><\/span>\n            <span class=\"timeline-date p-font\">Mai 12, 2025<\/span>\n        <\/div>\n                <div class=\"entry-thumbnail-wrap\">\n            <div class=\"entry-thumbnail\">\n                        <a href=\"https:\/\/www.batgroup.com\/de\/bat-group-wird-industriesponsor-der-es-so-zur-foerderung-des-sonnenschutzes-2\/\" title=\"BAT Group entwickelt sich zu FrontYard Group: Eine neue \u00c4ra f\u00fcr die Innovation im Bereich von dem Sonnenschutz\" class=\"entry-thumbnail-overlay\">\n                            <img decoding=\"async\" class=\"img-responsive\" src=\"https:\/\/www.batgroup.com\/wp-content\/uploads\/2025\/05\/dk-Stefano_Zocca-17_.jpg\" alt=\"BAT Group entwickelt sich zu FrontYard Group: Eine neue \u00c4ra f\u00fcr die Innovation im Bereich von dem Sonnenschutz\" \/>\n                        <\/a>\n                        <a data-rel=\"prettyPhoto\" href=\"https:\/\/www.batgroup.com\/wp-content\/uploads\/2025\/05\/dk-Stefano_Zocca-17_.jpg\" class=\"prettyPhoto\"><i class=\"fa fa-expand\"><\/i><\/a>\n                      <\/div>        <\/div>\n        <div class=\"entry-content-wrap\">\n        <h3 class=\"entry-post-title p-font\">\n            <a href=\"https:\/\/www.batgroup.com\/de\/bat-group-wird-industriesponsor-der-es-so-zur-foerderung-des-sonnenschutzes-2\/\" rel=\"bookmark\" title=\"BAT Group entwickelt sich zu FrontYard Group: Eine neue \u00c4ra f\u00fcr die Innovation im Bereich von dem Sonnenschutz\">BAT Group entwickelt sich zu FrontYard Group: Eine neue \u00c4ra f\u00fcr die Innovation im Bereich von dem Sonnenschutz<\/a>\n        <\/h3>\n        <div class=\"entry-post-meta-wrap\">\n            <ul class=\"entry-meta s-font\">\n    <li class=\"entry-meta-date\">\n        <span>Posted:<\/span> <a href=\"https:\/\/www.batgroup.com\/de\/bat-group-wird-industriesponsor-der-es-so-zur-foerderung-des-sonnenschutzes-2\/\" rel=\"bookmark\" title=\"BAT Group entwickelt sich zu FrontYard Group: Eine neue \u00c4ra f\u00fcr die Innovation im Bereich von dem Sonnenschutz\"> 12 Mai 2025 <\/a>\n    <\/li>\n\n    <li class=\"entry-meta-author\">\n        <span>By:<\/span> <a href=\"https:\/\/www.batgroup.com\/de\/author\/beatrice-zanellamichielinbatgroup-com\/\">Beatrice.ZanellaMichielin@batgroup.com<\/a>    <\/li>\n\n            <li class=\"entry-meta-category\">\n            <span>Category:<\/span> <a href=\"https:\/\/www.batgroup.com\/de\/category\/nachrichten\/\" rel=\"category tag\">Nachrichten<\/a>        <\/li>\n    \n            <li class=\"entry-meta-comment\">\n            <a href=\"https:\/\/www.batgroup.com\/de\/bat-group-wird-industriesponsor-der-es-so-zur-foerderung-des-sonnenschutzes-2\/#respond\"><span>Comment:<\/span> 0<\/a>        <\/li>\n        <\/ul>        <\/div>\n        <div class=\"entry-excerpt\">\n            <p>Ein bedeutender Moment f\u00fcr eine internationale f\u00fchrende Gruppe in der Entwicklung und Herstellung von Komponenten und Zubeh\u00f6re f\u00fcr Sonnenschutzsysteme: BAT Group \u00e4ndert Namen und wird FrontYard Group benannt. Diese \u00c4nderung ist Teil eines umfassenden Transformations- und Erneuerungsprozesses, der darauf die Identit\u00e4t des Konzerns auf dem globalen Markt mit besonderem Schwerpunkt auf den Realit\u00e4ten zu st\u00e4rken [&hellip;]<\/p>\n        <\/div>\n        <div class=\"entry-content-footer social-share-hover\">\n            <a class=\"m-button m-button-3d m-button-primary m-button-xs\" href=\"https:\/\/www.batgroup.com\/de\/bat-group-wird-industriesponsor-der-es-so-zur-foerderung-des-sonnenschutzes-2\/\" rel=\"bookmark\" title=\"BAT Group entwickelt sich zu FrontYard Group: Eine neue \u00c4ra f\u00fcr die Innovation im Bereich von dem Sonnenschutz\">Lesen Sie weiter<\/a>\n                    <\/div>\n    <\/div>\n<\/article>\n\n\n<article id=\"post-150988\" class=\"clearfix post-150988 post type-post status-publish format-standard has-post-thumbnail hentry category-nachrichten tag-bat-de tag-markise tag-pergola-de tag-sirio-de\">\n            <div class=\"entry-timeline\">\n            <span class=\"timeline-note\"><\/span>\n            <span class=\"timeline-date p-font\">M\u00e4rz 31, 2025<\/span>\n        <\/div>\n                <div class=\"entry-thumbnail-wrap\">\n            <div class=\"entry-thumbnail\">\n                        <a href=\"https:\/\/www.batgroup.com\/de\/bat-group-wird-industriesponsor-der-es-so-zur-foerderung-des-sonnenschutzes\/\" title=\"BAT Group wird Industriesponsor der ES-SO zur F\u00f6rderung des Sonnenschutzes\" class=\"entry-thumbnail-overlay\">\n                            <img decoding=\"async\" class=\"img-responsive\" src=\"https:\/\/www.batgroup.com\/wp-content\/uploads\/2025\/03\/GLOBAL-SHADING-DAYS_NL-100.jpg\" alt=\"BAT Group wird Industriesponsor der ES-SO zur F\u00f6rderung des Sonnenschutzes\" \/>\n                        <\/a>\n                        <a data-rel=\"prettyPhoto\" href=\"https:\/\/www.batgroup.com\/wp-content\/uploads\/2025\/03\/GLOBAL-SHADING-DAYS_NL-100.jpg\" class=\"prettyPhoto\"><i class=\"fa fa-expand\"><\/i><\/a>\n                      <\/div>        <\/div>\n        <div class=\"entry-content-wrap\">\n        <h3 class=\"entry-post-title p-font\">\n            <a href=\"https:\/\/www.batgroup.com\/de\/bat-group-wird-industriesponsor-der-es-so-zur-foerderung-des-sonnenschutzes\/\" rel=\"bookmark\" title=\"BAT Group wird Industriesponsor der ES-SO zur F\u00f6rderung des Sonnenschutzes\">BAT Group wird Industriesponsor der ES-SO zur F\u00f6rderung des Sonnenschutzes<\/a>\n        <\/h3>\n        <div class=\"entry-post-meta-wrap\">\n            <ul class=\"entry-meta s-font\">\n    <li class=\"entry-meta-date\">\n        <span>Posted:<\/span> <a href=\"https:\/\/www.batgroup.com\/de\/bat-group-wird-industriesponsor-der-es-so-zur-foerderung-des-sonnenschutzes\/\" rel=\"bookmark\" title=\"BAT Group wird Industriesponsor der ES-SO zur F\u00f6rderung des Sonnenschutzes\"> 31 M\u00e4rz 2025 <\/a>\n    <\/li>\n\n    <li class=\"entry-meta-author\">\n        <span>By:<\/span> <a href=\"https:\/\/www.batgroup.com\/de\/author\/beatrice-zanellamichielinbatgroup-com\/\">Beatrice.ZanellaMichielin@batgroup.com<\/a>    <\/li>\n\n            <li class=\"entry-meta-category\">\n            <span>Category:<\/span> <a href=\"https:\/\/www.batgroup.com\/de\/category\/nachrichten\/\" rel=\"category tag\">Nachrichten<\/a>        <\/li>\n    \n            <li class=\"entry-meta-comment\">\n            <a href=\"https:\/\/www.batgroup.com\/de\/bat-group-wird-industriesponsor-der-es-so-zur-foerderung-des-sonnenschutzes\/#respond\"><span>Comment:<\/span> 0<\/a>        <\/li>\n        <\/ul>        <\/div>\n        <div class=\"entry-excerpt\">\n            <p>Mit gro\u00dfer Freude geben wir bekannt, dass die BAT-Gruppe offizieller Industriesponsor von\u00a0ES-SO, der Europ\u00e4ischen Organisation f\u00fcr Sonnenschutz, ist. Dieses Engagement unterstreicht unsere Unterst\u00fctzung f\u00fcr die Aufgabe der ES-SO, die Bedeutung des Sonnenschutzes als wesentliches Instrument zur Steuerung des Innenraumkomforts in Geb\u00e4uden und zur Verbesserung der Energieeffizienz zu f\u00f6rdern. Der Sonnenschutz spielt eine wichtige Rolle bei [&hellip;]<\/p>\n        <\/div>\n        <div class=\"entry-content-footer social-share-hover\">\n            <a class=\"m-button m-button-3d m-button-primary m-button-xs\" href=\"https:\/\/www.batgroup.com\/de\/bat-group-wird-industriesponsor-der-es-so-zur-foerderung-des-sonnenschutzes\/\" rel=\"bookmark\" title=\"BAT Group wird Industriesponsor der ES-SO zur F\u00f6rderung des Sonnenschutzes\">Lesen Sie weiter<\/a>\n                    <\/div>\n    <\/div>\n<\/article>\n\n\n<article id=\"post-72116\" class=\"clearfix post-72116 post type-post status-publish format-standard has-post-thumbnail hentry category-nachrichten tag-bat-de tag-markise tag-pergola-de tag-sirio-de\">\n            <div class=\"entry-timeline\">\n            <span class=\"timeline-note\"><\/span>\n            <span class=\"timeline-date p-font\">Februar 11, 2021<\/span>\n        <\/div>\n                <div class=\"entry-thumbnail-wrap\">\n            <div class=\"entry-thumbnail\">\n                        <a href=\"https:\/\/www.batgroup.com\/de\/das-glaswelt-magazin-spricht-ueber-die-neue-sirio-pergola-von-bat\/\" title=\"Das GLASWELT Magazin spricht \u00fcber die neue SIRIO Pergola von BAT\" class=\"entry-thumbnail-overlay\">\n                            <img decoding=\"async\" class=\"img-responsive\" src=\"https:\/\/www.batgroup.com\/wp-content\/uploads\/2020\/04\/BAT_Sirio-Wall.jpg\" alt=\"Das GLASWELT Magazin spricht \u00fcber die neue SIRIO Pergola von BAT\" \/>\n                        <\/a>\n                        <a data-rel=\"prettyPhoto\" href=\"https:\/\/www.batgroup.com\/wp-content\/uploads\/2020\/04\/BAT_Sirio-Wall.jpg\" class=\"prettyPhoto\"><i class=\"fa fa-expand\"><\/i><\/a>\n                      <\/div>        <\/div>\n        <div class=\"entry-content-wrap\">\n        <h3 class=\"entry-post-title p-font\">\n            <a href=\"https:\/\/www.batgroup.com\/de\/das-glaswelt-magazin-spricht-ueber-die-neue-sirio-pergola-von-bat\/\" rel=\"bookmark\" title=\"Das GLASWELT Magazin spricht \u00fcber die neue SIRIO Pergola von BAT\">Das GLASWELT Magazin spricht \u00fcber die neue SIRIO Pergola von BAT<\/a>\n        <\/h3>\n        <div class=\"entry-post-meta-wrap\">\n            <ul class=\"entry-meta s-font\">\n    <li class=\"entry-meta-date\">\n        <span>Posted:<\/span> <a href=\"https:\/\/www.batgroup.com\/de\/das-glaswelt-magazin-spricht-ueber-die-neue-sirio-pergola-von-bat\/\" rel=\"bookmark\" title=\"Das GLASWELT Magazin spricht \u00fcber die neue SIRIO Pergola von BAT\"> 11 Februar 2021 <\/a>\n    <\/li>\n\n    <li class=\"entry-meta-author\">\n        <span>By:<\/span> <a href=\"https:\/\/www.batgroup.com\/de\/author\/bat_adm\/\">BAT_adm<\/a>    <\/li>\n\n            <li class=\"entry-meta-category\">\n            <span>Category:<\/span> <a href=\"https:\/\/www.batgroup.com\/de\/category\/nachrichten\/\" rel=\"category tag\">Nachrichten<\/a>        <\/li>\n    \n            <li class=\"entry-meta-comment\">\n            <a href=\"https:\/\/www.batgroup.com\/de\/das-glaswelt-magazin-spricht-ueber-die-neue-sirio-pergola-von-bat\/#respond\"><span>Comment:<\/span> 0<\/a>        <\/li>\n        <\/ul>        <\/div>\n        <div class=\"entry-excerpt\">\n            <p>BAT Group ist in der Fachzeitschrift Glaswelt anwesend. In der Ausgabe von Januar 2021 hat SIRIO die Hauptrolle, unsere Pergola-Markise mit ihren schlichten Linien. Lesen Sie den vollst\u00e4ndigen Artikel hier: GLASWELT_N_1_gennaio_2021_2 &nbsp;<\/p>\n        <\/div>\n        <div class=\"entry-content-footer social-share-hover\">\n            <a class=\"m-button m-button-3d m-button-primary m-button-xs\" href=\"https:\/\/www.batgroup.com\/de\/das-glaswelt-magazin-spricht-ueber-die-neue-sirio-pergola-von-bat\/\" rel=\"bookmark\" title=\"Das GLASWELT Magazin spricht \u00fcber die neue SIRIO Pergola von BAT\">Lesen Sie weiter<\/a>\n                    <\/div>\n    <\/div>\n<\/article>\n\n\n<article id=\"post-56756\" class=\"clearfix post-56756 post type-post status-publish format-standard has-post-thumbnail hentry category-nachrichten tag-2020-neues-produkt tag-sirio-de tag-sirio-wall-de\">\n            <div class=\"entry-timeline\">\n            <span class=\"timeline-note\"><\/span>\n            <span class=\"timeline-date p-font\">Mai 7, 2020<\/span>\n        <\/div>\n                <div class=\"entry-thumbnail-wrap\">\n            <div class=\"entry-thumbnail\">\n                        <a href=\"https:\/\/www.batgroup.com\/de\/bat-praesentiert-sirio-die-neue-pergolamarkise-mit-eingewickeltem-tuch-und-essentiellen-linien\/\" title=\"BAT pr\u00e4sentiert SIRIO, die neue Pergolamarkise mit eingewickeltem Tuch und essentiellen Linien\" class=\"entry-thumbnail-overlay\">\n                            <img decoding=\"async\" class=\"img-responsive\" src=\"https:\/\/www.batgroup.com\/wp-content\/uploads\/2020\/04\/BAT_Sirio-Wall.jpg\" alt=\"BAT pr\u00e4sentiert SIRIO, die neue Pergolamarkise mit eingewickeltem Tuch und essentiellen Linien\" \/>\n                        <\/a>\n                        <a data-rel=\"prettyPhoto\" href=\"https:\/\/www.batgroup.com\/wp-content\/uploads\/2020\/04\/BAT_Sirio-Wall.jpg\" class=\"prettyPhoto\"><i class=\"fa fa-expand\"><\/i><\/a>\n                      <\/div>        <\/div>\n        <div class=\"entry-content-wrap\">\n        <h3 class=\"entry-post-title p-font\">\n            <a href=\"https:\/\/www.batgroup.com\/de\/bat-praesentiert-sirio-die-neue-pergolamarkise-mit-eingewickeltem-tuch-und-essentiellen-linien\/\" rel=\"bookmark\" title=\"BAT pr\u00e4sentiert SIRIO, die neue Pergolamarkise mit eingewickeltem Tuch und essentiellen Linien\">BAT pr\u00e4sentiert SIRIO, die neue Pergolamarkise mit eingewickeltem Tuch und essentiellen Linien<\/a>\n        <\/h3>\n        <div class=\"entry-post-meta-wrap\">\n            <ul class=\"entry-meta s-font\">\n    <li class=\"entry-meta-date\">\n        <span>Posted:<\/span> <a href=\"https:\/\/www.batgroup.com\/de\/bat-praesentiert-sirio-die-neue-pergolamarkise-mit-eingewickeltem-tuch-und-essentiellen-linien\/\" rel=\"bookmark\" title=\"BAT pr\u00e4sentiert SIRIO, die neue Pergolamarkise mit eingewickeltem Tuch und essentiellen Linien\"> 7 Mai 2020 <\/a>\n    <\/li>\n\n    <li class=\"entry-meta-author\">\n        <span>By:<\/span> <a href=\"https:\/\/www.batgroup.com\/de\/author\/bat_adm\/\">BAT_adm<\/a>    <\/li>\n\n            <li class=\"entry-meta-category\">\n            <span>Category:<\/span> <a href=\"https:\/\/www.batgroup.com\/de\/category\/nachrichten\/\" rel=\"category tag\">Nachrichten<\/a>        <\/li>\n    \n            <li class=\"entry-meta-comment\">\n            <a href=\"https:\/\/www.batgroup.com\/de\/bat-praesentiert-sirio-die-neue-pergolamarkise-mit-eingewickeltem-tuch-und-essentiellen-linien\/#respond\"><span>Comment:<\/span> 0<\/a>        <\/li>\n        <\/ul>        <\/div>\n        <div class=\"entry-excerpt\">\n            <p>Der seit \u00fcber 35 Jahren Weltmarktf\u00fchrer im Bereich des Zubeh\u00f6rs f\u00fcr Sonnenschutzvorrichtungen BAT pr\u00e4sentiert die erste Neuheit von 2020. Es handelt sich um SIRIO, der neuen Pergolamarkise mit puren Linien und minimalistischem Design, mit Rei\u00dfverschluss und eingewickeltem Tuch. SIRIO von BAT ist sowohl in der Version, die an der Wand mit S\u00e4ulen befestigt werden kann, [&hellip;]<\/p>\n        <\/div>\n        <div class=\"entry-content-footer social-share-hover\">\n            <a class=\"m-button m-button-3d m-button-primary m-button-xs\" href=\"https:\/\/www.batgroup.com\/de\/bat-praesentiert-sirio-die-neue-pergolamarkise-mit-eingewickeltem-tuch-und-essentiellen-linien\/\" rel=\"bookmark\" title=\"BAT pr\u00e4sentiert SIRIO, die neue Pergolamarkise mit eingewickeltem Tuch und essentiellen Linien\">Lesen Sie weiter<\/a>\n                    <\/div>\n    <\/div>\n<\/article>\n\n\n<article id=\"post-49162\" class=\"clearfix post-49162 post type-post status-publish format-standard has-post-thumbnail hentry category-nachrichten\">\n            <div class=\"entry-timeline\">\n            <span class=\"timeline-note\"><\/span>\n            <span class=\"timeline-date p-font\">Oktober 30, 2019<\/span>\n        <\/div>\n                <div class=\"entry-thumbnail-wrap\">\n            <div class=\"entry-thumbnail\">\n                        <a href=\"https:\/\/www.batgroup.com\/de\/bat-jetzt-noch-wettbewerbsfaehiger-und-greener-dank-der-neuen-anlage-fuer-pulverlackierung\/\" title=\"BAT jetzt noch wettbewerbsf\u00e4higer und \u201egreener\u201c dank der neuen Anlage f\u00fcr Pulverlackierung.\" class=\"entry-thumbnail-overlay\">\n                            <img decoding=\"async\" class=\"img-responsive\" src=\"https:\/\/www.batgroup.com\/wp-content\/uploads\/2019\/10\/BAT_impianto-di-verniciatura.jpg\" alt=\"BAT jetzt noch wettbewerbsf\u00e4higer und \u201egreener\u201c dank der neuen Anlage f\u00fcr Pulverlackierung.\" \/>\n                        <\/a>\n                        <a data-rel=\"prettyPhoto\" href=\"https:\/\/www.batgroup.com\/wp-content\/uploads\/2019\/10\/BAT_impianto-di-verniciatura.jpg\" class=\"prettyPhoto\"><i class=\"fa fa-expand\"><\/i><\/a>\n                      <\/div>        <\/div>\n        <div class=\"entry-content-wrap\">\n        <h3 class=\"entry-post-title p-font\">\n            <a href=\"https:\/\/www.batgroup.com\/de\/bat-jetzt-noch-wettbewerbsfaehiger-und-greener-dank-der-neuen-anlage-fuer-pulverlackierung\/\" rel=\"bookmark\" title=\"BAT jetzt noch wettbewerbsf\u00e4higer und \u201egreener\u201c dank der neuen Anlage f\u00fcr Pulverlackierung.\">BAT jetzt noch wettbewerbsf\u00e4higer und \u201egreener\u201c dank der neuen Anlage f\u00fcr Pulverlackierung.<\/a>\n        <\/h3>\n        <div class=\"entry-post-meta-wrap\">\n            <ul class=\"entry-meta s-font\">\n    <li class=\"entry-meta-date\">\n        <span>Posted:<\/span> <a href=\"https:\/\/www.batgroup.com\/de\/bat-jetzt-noch-wettbewerbsfaehiger-und-greener-dank-der-neuen-anlage-fuer-pulverlackierung\/\" rel=\"bookmark\" title=\"BAT jetzt noch wettbewerbsf\u00e4higer und \u201egreener\u201c dank der neuen Anlage f\u00fcr Pulverlackierung.\"> 30 Oktober 2019 <\/a>\n    <\/li>\n\n    <li class=\"entry-meta-author\">\n        <span>By:<\/span> <a href=\"https:\/\/www.batgroup.com\/de\/author\/bat_adm\/\">BAT_adm<\/a>    <\/li>\n\n            <li class=\"entry-meta-category\">\n            <span>Category:<\/span> <a href=\"https:\/\/www.batgroup.com\/de\/category\/nachrichten\/\" rel=\"category tag\">Nachrichten<\/a>        <\/li>\n    \n            <li class=\"entry-meta-comment\">\n            <a href=\"https:\/\/www.batgroup.com\/de\/bat-jetzt-noch-wettbewerbsfaehiger-und-greener-dank-der-neuen-anlage-fuer-pulverlackierung\/#respond\"><span>Comment:<\/span> 0<\/a>        <\/li>\n        <\/ul>        <\/div>\n        <div class=\"entry-excerpt\">\n            <p>F\u00fchrendes Unternehmen seit \u00fcber 35 Jahren auf dem Weltmarkt f\u00fcr Accessoires f\u00fcr Sonnenschutz, weiht BAT eine neue Anlage f\u00fcr Pulverlackierung im Werk in Noventa di Piave (VE) ein und internalisiert die Behandlungsphase mit dem Ziel, die Verarbeitungszeit zu verk\u00fcrzen und dabei immer wettbewerbsf\u00e4higer gegen\u00fcber der W\u00fcnsche der Kunden zu sein. Ausgestattet mit den modernsten Prozesskontrollsystemen, [&hellip;]<\/p>\n        <\/div>\n        <div class=\"entry-content-footer social-share-hover\">\n            <a class=\"m-button m-button-3d m-button-primary m-button-xs\" href=\"https:\/\/www.batgroup.com\/de\/bat-jetzt-noch-wettbewerbsfaehiger-und-greener-dank-der-neuen-anlage-fuer-pulverlackierung\/\" rel=\"bookmark\" title=\"BAT jetzt noch wettbewerbsf\u00e4higer und \u201egreener\u201c dank der neuen Anlage f\u00fcr Pulverlackierung.\">Lesen Sie weiter<\/a>\n                    <\/div>\n    <\/div>\n<\/article>\n\n\n<article id=\"post-21784\" class=\"clearfix post-21784 post type-post status-publish format-standard has-post-thumbnail hentry category-ereignisse category-nachrichten tag-messe-stuttgart tag-rt-2018 tag-stuttgart\">\n            <div class=\"entry-timeline\">\n            <span class=\"timeline-note\"><\/span>\n            <span class=\"timeline-date p-font\">M\u00e4rz 20, 2018<\/span>\n        <\/div>\n                <div class=\"entry-thumbnail-wrap\">\n            <div class=\"entry-thumbnail\">\n                        <a href=\"https:\/\/www.batgroup.com\/de\/rt-2018-ein-messeauftritt-mit-erinnerungswert\/\" title=\"R+T 2018 &#8211; Ein Messeauftritt mit Erinnerungswert\" class=\"entry-thumbnail-overlay\">\n                            <img decoding=\"async\" class=\"img-responsive\" src=\"https:\/\/www.batgroup.com\/wp-content\/uploads\/2018\/03\/DSCN8425_low.jpg\" alt=\"R+T 2018 &#8211; Ein Messeauftritt mit Erinnerungswert\" \/>\n                        <\/a>\n                        <a data-rel=\"prettyPhoto\" href=\"https:\/\/www.batgroup.com\/wp-content\/uploads\/2018\/03\/DSCN8425_low.jpg\" class=\"prettyPhoto\"><i class=\"fa fa-expand\"><\/i><\/a>\n                      <\/div>        <\/div>\n        <div class=\"entry-content-wrap\">\n        <h3 class=\"entry-post-title p-font\">\n            <a href=\"https:\/\/www.batgroup.com\/de\/rt-2018-ein-messeauftritt-mit-erinnerungswert\/\" rel=\"bookmark\" title=\"R+T 2018 &#8211; Ein Messeauftritt mit Erinnerungswert\">R+T 2018 &#8211; Ein Messeauftritt mit Erinnerungswert<\/a>\n        <\/h3>\n        <div class=\"entry-post-meta-wrap\">\n            <ul class=\"entry-meta s-font\">\n    <li class=\"entry-meta-date\">\n        <span>Posted:<\/span> <a href=\"https:\/\/www.batgroup.com\/de\/rt-2018-ein-messeauftritt-mit-erinnerungswert\/\" rel=\"bookmark\" title=\"R+T 2018 &#8211; Ein Messeauftritt mit Erinnerungswert\"> 20 M\u00e4rz 2018 <\/a>\n    <\/li>\n\n    <li class=\"entry-meta-author\">\n        <span>By:<\/span> <a href=\"https:\/\/www.batgroup.com\/de\/author\/bat_adm\/\">BAT_adm<\/a>    <\/li>\n\n            <li class=\"entry-meta-category\">\n            <span>Category:<\/span> <a href=\"https:\/\/www.batgroup.com\/de\/category\/ereignisse\/\" rel=\"category tag\">Ereignisse<\/a> \/ <a href=\"https:\/\/www.batgroup.com\/de\/category\/nachrichten\/\" rel=\"category tag\">Nachrichten<\/a>        <\/li>\n    \n        <\/ul>        <\/div>\n        <div class=\"entry-excerpt\">\n            <p>Auf der R+T 2018 pr\u00e4sentierten wir uns mit einem starken Auftritt, der den wachsenden Weg unserer Gruppe im Bereich Planung und Innovation aufzeigt. Der Wechsel von klaren Farben und Strukturen hat BAT- und KE Produkte f\u00fcr sich sprechen lassen, und damit haben wir f\u00fcr 2018 revolution\u00e4re Vorgaben im Sonnenschutz geschaffen. Die ausgestellten Produkte, die eigentlichen [&hellip;]<\/p>\n        <\/div>\n        <div class=\"entry-content-footer social-share-hover\">\n            <a class=\"m-button m-button-3d m-button-primary m-button-xs\" href=\"https:\/\/www.batgroup.com\/de\/rt-2018-ein-messeauftritt-mit-erinnerungswert\/\" rel=\"bookmark\" title=\"R+T 2018 &#8211; Ein Messeauftritt mit Erinnerungswert\">Lesen Sie weiter<\/a>\n                    <\/div>\n    <\/div>\n<\/article>\n\n\n<article id=\"post-19144\" class=\"clearfix post-19144 post type-post status-publish format-standard has-post-thumbnail hentry category-ereignisse category-nachrichten\">\n            <div class=\"entry-timeline\">\n            <span class=\"timeline-note\"><\/span>\n            <span class=\"timeline-date p-font\">Januar 29, 2018<\/span>\n        <\/div>\n                <div class=\"entry-thumbnail-wrap\">\n            <div class=\"entry-thumbnail\">\n                        <a href=\"https:\/\/www.batgroup.com\/de\/rt-bat-zeigt-exklusiv-die-zahlreichen-neuigkeiten-fuer-2018\/\" title=\"R+T: BAT zeigt exklusiv die zahlreichen Neuigkeiten f\u00fcr 2018\" class=\"entry-thumbnail-overlay\">\n                            <img decoding=\"async\" class=\"img-responsive\" src=\"https:\/\/www.batgroup.com\/wp-content\/uploads\/2018\/01\/BAT.png\" alt=\"R+T: BAT zeigt exklusiv die zahlreichen Neuigkeiten f\u00fcr 2018\" \/>\n                        <\/a>\n                        <a data-rel=\"prettyPhoto\" href=\"https:\/\/www.batgroup.com\/wp-content\/uploads\/2018\/01\/BAT.png\" class=\"prettyPhoto\"><i class=\"fa fa-expand\"><\/i><\/a>\n                      <\/div>        <\/div>\n        <div class=\"entry-content-wrap\">\n        <h3 class=\"entry-post-title p-font\">\n            <a href=\"https:\/\/www.batgroup.com\/de\/rt-bat-zeigt-exklusiv-die-zahlreichen-neuigkeiten-fuer-2018\/\" rel=\"bookmark\" title=\"R+T: BAT zeigt exklusiv die zahlreichen Neuigkeiten f\u00fcr 2018\">R+T: BAT zeigt exklusiv die zahlreichen Neuigkeiten f\u00fcr 2018<\/a>\n        <\/h3>\n        <div class=\"entry-post-meta-wrap\">\n            <ul class=\"entry-meta s-font\">\n    <li class=\"entry-meta-date\">\n        <span>Posted:<\/span> <a href=\"https:\/\/www.batgroup.com\/de\/rt-bat-zeigt-exklusiv-die-zahlreichen-neuigkeiten-fuer-2018\/\" rel=\"bookmark\" title=\"R+T: BAT zeigt exklusiv die zahlreichen Neuigkeiten f\u00fcr 2018\"> 29 Januar 2018 <\/a>\n    <\/li>\n\n    <li class=\"entry-meta-author\">\n        <span>By:<\/span> <a href=\"https:\/\/www.batgroup.com\/de\/author\/bat_adm\/\">BAT_adm<\/a>    <\/li>\n\n            <li class=\"entry-meta-category\">\n            <span>Category:<\/span> <a href=\"https:\/\/www.batgroup.com\/de\/category\/ereignisse\/\" rel=\"category tag\">Ereignisse<\/a> \/ <a href=\"https:\/\/www.batgroup.com\/de\/category\/nachrichten\/\" rel=\"category tag\">Nachrichten<\/a>        <\/li>\n    \n            <li class=\"entry-meta-comment\">\n            <a href=\"https:\/\/www.batgroup.com\/de\/rt-bat-zeigt-exklusiv-die-zahlreichen-neuigkeiten-fuer-2018\/#respond\"><span>Comment:<\/span> 0<\/a>        <\/li>\n        <\/ul>        <\/div>\n        <div class=\"entry-excerpt\">\n            <p>Seit \u00fcber 30 Jahren ist BAT eine der treibenden Kr\u00e4fte am Weltmarkt f\u00fcr Sonnenschutz. Bei der diesj\u00e4hrigen R+T wartet BAT mit absoluten Neuigkeiten, mit angesagtem Stil, Materialien und Produktinnovationen auf. Das Made in Italy bleibt seit jeher ein unverzichtbares Qualit\u00e4tsmerkmal der Komponenten von BAT, die in Stuttgart EPICA vorstellt. Eine Gelenkarm-Markise mit Cassette, die aufgrund [&hellip;]<\/p>\n        <\/div>\n        <div class=\"entry-content-footer social-share-hover\">\n            <a class=\"m-button m-button-3d m-button-primary m-button-xs\" href=\"https:\/\/www.batgroup.com\/de\/rt-bat-zeigt-exklusiv-die-zahlreichen-neuigkeiten-fuer-2018\/\" rel=\"bookmark\" title=\"R+T: BAT zeigt exklusiv die zahlreichen Neuigkeiten f\u00fcr 2018\">Lesen Sie weiter<\/a>\n                    <\/div>\n    <\/div>\n<\/article>\n\n\n<article id=\"post-12078\" class=\"clearfix post-12078 post type-post status-publish format-standard has-post-thumbnail hentry category-nachrichten\">\n            <div class=\"entry-timeline\">\n            <span class=\"timeline-note\"><\/span>\n            <span class=\"timeline-date p-font\">November 15, 2017<\/span>\n        <\/div>\n                <div class=\"entry-thumbnail-wrap\">\n            <div class=\"entry-thumbnail\">\n                        <a href=\"https:\/\/www.batgroup.com\/de\/modernes-design-fuer-die-markisen-base-plus-und-base-lite\/\" title=\"Modernes Design f\u00fcr die Markisen  BASE PLUS und BASE LITE\" class=\"entry-thumbnail-overlay\">\n                            <img decoding=\"async\" class=\"img-responsive\" src=\"https:\/\/www.batgroup.com\/wp-content\/uploads\/2017\/10\/News_Eventi_Base_Lite_Bat-scaled.jpg\" alt=\"Modernes Design f\u00fcr die Markisen  BASE PLUS und BASE LITE\" \/>\n                        <\/a>\n                        <a data-rel=\"prettyPhoto\" href=\"https:\/\/www.batgroup.com\/wp-content\/uploads\/2017\/10\/News_Eventi_Base_Lite_Bat-scaled.jpg\" class=\"prettyPhoto\"><i class=\"fa fa-expand\"><\/i><\/a>\n                      <\/div>        <\/div>\n        <div class=\"entry-content-wrap\">\n        <h3 class=\"entry-post-title p-font\">\n            <a href=\"https:\/\/www.batgroup.com\/de\/modernes-design-fuer-die-markisen-base-plus-und-base-lite\/\" rel=\"bookmark\" title=\"Modernes Design f\u00fcr die Markisen  BASE PLUS und BASE LITE\">Modernes Design f\u00fcr die Markisen  BASE PLUS und BASE LITE<\/a>\n        <\/h3>\n        <div class=\"entry-post-meta-wrap\">\n            <ul class=\"entry-meta s-font\">\n    <li class=\"entry-meta-date\">\n        <span>Posted:<\/span> <a href=\"https:\/\/www.batgroup.com\/de\/modernes-design-fuer-die-markisen-base-plus-und-base-lite\/\" rel=\"bookmark\" title=\"Modernes Design f\u00fcr die Markisen  BASE PLUS und BASE LITE\"> 15 November 2017 <\/a>\n    <\/li>\n\n    <li class=\"entry-meta-author\">\n        <span>By:<\/span> <a href=\"https:\/\/www.batgroup.com\/de\/author\/bat_adm\/\">BAT_adm<\/a>    <\/li>\n\n            <li class=\"entry-meta-category\">\n            <span>Category:<\/span> <a href=\"https:\/\/www.batgroup.com\/de\/category\/nachrichten\/\" rel=\"category tag\">Nachrichten<\/a>        <\/li>\n    \n        <\/ul>        <\/div>\n        <div class=\"entry-excerpt\">\n            <p>Die BAT Gelenkarmmarkisen Base Lite und Base Plus bekommen einen neuen Look. Dank der neuen Aluminium Druckguss-Endkappen, pr\u00e4sentieren sich die neue Base Lite und die Base Plus in neuer \u00c4sthetik. Die neuen Endkappen lassen sich durch Pulverbeschichtung noch besser den Farben der Markise angleichen, sowie nat\u00fcrlich auch abgestimmt auf den Besitzer der Markise, personalisieren und [&hellip;]<\/p>\n        <\/div>\n        <div class=\"entry-content-footer social-share-hover\">\n            <a class=\"m-button m-button-3d m-button-primary m-button-xs\" href=\"https:\/\/www.batgroup.com\/de\/modernes-design-fuer-die-markisen-base-plus-und-base-lite\/\" rel=\"bookmark\" title=\"Modernes Design f\u00fcr die Markisen  BASE PLUS und BASE LITE\">Lesen Sie weiter<\/a>\n                    <\/div>\n    <\/div>\n<\/article>\n\n\n<article id=\"post-12065\" class=\"clearfix post-12065 post type-post status-publish format-standard has-post-thumbnail hentry category-nachrichten\">\n            <div class=\"entry-timeline\">\n            <span class=\"timeline-note\"><\/span>\n            <span class=\"timeline-date p-font\">November 15, 2017<\/span>\n        <\/div>\n                <div class=\"entry-thumbnail-wrap\">\n            <div class=\"entry-thumbnail\">\n                        <a href=\"https:\/\/www.batgroup.com\/de\/mini-helix-von-bat-die-leichte-und-kompakte-gelenkarmmarkise\/\" title=\"MINI HELIX von BAT: die leichte und kompakte Gelenkarmmarkise\" class=\"entry-thumbnail-overlay\">\n                            <img decoding=\"async\" class=\"img-responsive\" src=\"https:\/\/www.batgroup.com\/wp-content\/uploads\/2017\/10\/News_Eventi_Mini_Helix_Bq_Bat-scaled.jpg\" alt=\"MINI HELIX von BAT: die leichte und kompakte Gelenkarmmarkise\" \/>\n                        <\/a>\n                        <a data-rel=\"prettyPhoto\" href=\"https:\/\/www.batgroup.com\/wp-content\/uploads\/2017\/10\/News_Eventi_Mini_Helix_Bq_Bat-scaled.jpg\" class=\"prettyPhoto\"><i class=\"fa fa-expand\"><\/i><\/a>\n                      <\/div>        <\/div>\n        <div class=\"entry-content-wrap\">\n        <h3 class=\"entry-post-title p-font\">\n            <a href=\"https:\/\/www.batgroup.com\/de\/mini-helix-von-bat-die-leichte-und-kompakte-gelenkarmmarkise\/\" rel=\"bookmark\" title=\"MINI HELIX von BAT: die leichte und kompakte Gelenkarmmarkise\">MINI HELIX von BAT: die leichte und kompakte Gelenkarmmarkise<\/a>\n        <\/h3>\n        <div class=\"entry-post-meta-wrap\">\n            <ul class=\"entry-meta s-font\">\n    <li class=\"entry-meta-date\">\n        <span>Posted:<\/span> <a href=\"https:\/\/www.batgroup.com\/de\/mini-helix-von-bat-die-leichte-und-kompakte-gelenkarmmarkise\/\" rel=\"bookmark\" title=\"MINI HELIX von BAT: die leichte und kompakte Gelenkarmmarkise\"> 15 November 2017 <\/a>\n    <\/li>\n\n    <li class=\"entry-meta-author\">\n        <span>By:<\/span> <a href=\"https:\/\/www.batgroup.com\/de\/author\/bat_adm\/\">BAT_adm<\/a>    <\/li>\n\n            <li class=\"entry-meta-category\">\n            <span>Category:<\/span> <a href=\"https:\/\/www.batgroup.com\/de\/category\/nachrichten\/\" rel=\"category tag\">Nachrichten<\/a>        <\/li>\n    \n            <li class=\"entry-meta-comment\">\n            <a href=\"https:\/\/www.batgroup.com\/de\/mini-helix-von-bat-die-leichte-und-kompakte-gelenkarmmarkise\/#respond\"><span>Comment:<\/span> 0<\/a>        <\/li>\n        <\/ul>        <\/div>\n        <div class=\"entry-excerpt\">\n            <p>MINI HELIX ist die vielseitige und leichte Gelenkarmmarkise. Sie ist ideal f\u00fcr Personen, die eine Markise mit sauberer Linie und mit einem tollen Preis-Leistungsverh\u00e4ltnis suchen. Verf\u00fcgbar in zwei Ausf\u00fchrungen: auf Vierkantrohr und auf Wand- und Deckenmontage. Das MINI HELIX BQ, gekennzeichnet durch das wesentliche Design, ist die kleinere Version der beliebten HELIX BQ, von der [&hellip;]<\/p>\n        <\/div>\n        <div class=\"entry-content-footer social-share-hover\">\n            <a class=\"m-button m-button-3d m-button-primary m-button-xs\" href=\"https:\/\/www.batgroup.com\/de\/mini-helix-von-bat-die-leichte-und-kompakte-gelenkarmmarkise\/\" rel=\"bookmark\" title=\"MINI HELIX von BAT: die leichte und kompakte Gelenkarmmarkise\">Lesen Sie weiter<\/a>\n                    <\/div>\n    <\/div>\n<\/article>\n\n\n<article id=\"post-12056\" class=\"clearfix post-12056 post type-post status-publish format-standard has-post-thumbnail hentry category-nachrichten\">\n            <div class=\"entry-timeline\">\n            <span class=\"timeline-note\"><\/span>\n            <span class=\"timeline-date p-font\">November 15, 2017<\/span>\n        <\/div>\n                <div class=\"entry-thumbnail-wrap\">\n            <div class=\"entry-thumbnail\">\n                        <a href=\"https:\/\/www.batgroup.com\/de\/ely-von-bat-die-senkrechte-markise-fuer-jeden-sichtschutz\/\" title=\"ELY von BAT: die senkrechte Markise f\u00fcr jeden Sichtschutz\" class=\"entry-thumbnail-overlay\">\n                            <img decoding=\"async\" class=\"img-responsive\" src=\"https:\/\/www.batgroup.com\/wp-content\/uploads\/2017\/10\/News_Eventi_Ely_Bat.jpg\" alt=\"ELY von BAT: die senkrechte Markise f\u00fcr jeden Sichtschutz\" \/>\n                        <\/a>\n                        <a data-rel=\"prettyPhoto\" href=\"https:\/\/www.batgroup.com\/wp-content\/uploads\/2017\/10\/News_Eventi_Ely_Bat.jpg\" class=\"prettyPhoto\"><i class=\"fa fa-expand\"><\/i><\/a>\n                      <\/div>        <\/div>\n        <div class=\"entry-content-wrap\">\n        <h3 class=\"entry-post-title p-font\">\n            <a href=\"https:\/\/www.batgroup.com\/de\/ely-von-bat-die-senkrechte-markise-fuer-jeden-sichtschutz\/\" rel=\"bookmark\" title=\"ELY von BAT: die senkrechte Markise f\u00fcr jeden Sichtschutz\">ELY von BAT: die senkrechte Markise f\u00fcr jeden Sichtschutz<\/a>\n        <\/h3>\n        <div class=\"entry-post-meta-wrap\">\n            <ul class=\"entry-meta s-font\">\n    <li class=\"entry-meta-date\">\n        <span>Posted:<\/span> <a href=\"https:\/\/www.batgroup.com\/de\/ely-von-bat-die-senkrechte-markise-fuer-jeden-sichtschutz\/\" rel=\"bookmark\" title=\"ELY von BAT: die senkrechte Markise f\u00fcr jeden Sichtschutz\"> 15 November 2017 <\/a>\n    <\/li>\n\n    <li class=\"entry-meta-author\">\n        <span>By:<\/span> <a href=\"https:\/\/www.batgroup.com\/de\/author\/bat_adm\/\">BAT_adm<\/a>    <\/li>\n\n            <li class=\"entry-meta-category\">\n            <span>Category:<\/span> <a href=\"https:\/\/www.batgroup.com\/de\/category\/nachrichten\/\" rel=\"category tag\">Nachrichten<\/a>        <\/li>\n    \n        <\/ul>        <\/div>\n        <div class=\"entry-excerpt\">\n            <p>ELY ist eine neue senkrechte Markise f\u00fcr den Au\u00dfenbereich. Einfach einzusetzen, ELY ist ein Verdunklungssystem gekennzeichnet durch ein lineares und kompaktes Design, auch dank der symmetrischen Kassette und des S\u00e4ulenprofils. Der praktische Handgriff kann vorne oder seitlich montiert werden, au\u00dferdem macht ein St\u00fctzrad das Bewegen einfacher und sicherer. Dank seiner linearen Struktur, der Einfachheit des [&hellip;]<\/p>\n        <\/div>\n        <div class=\"entry-content-footer social-share-hover\">\n            <a class=\"m-button m-button-3d m-button-primary m-button-xs\" href=\"https:\/\/www.batgroup.com\/de\/ely-von-bat-die-senkrechte-markise-fuer-jeden-sichtschutz\/\" rel=\"bookmark\" title=\"ELY von BAT: die senkrechte Markise f\u00fcr jeden Sichtschutz\">Lesen Sie weiter<\/a>\n                    <\/div>\n    <\/div>\n<\/article>\n\n\n                    <\/div>\n\n                    \n                <\/div>\n            <\/div>\n            [\/vc_column][vc_column width=&#8221;1\/4&#8243; el_class=&#8221;col-md-3 col-sm-12 hidden-sm hidden-xs&#8221;][vc_widget_sidebar sidebar_id=&#8221;sidebar-1&#8243;][\/vc_column][\/vc_row]<\/p>\n","protected":false},"excerpt":{"rendered":"<p>[vc_row layout=&#8221;boxed&#8221; el_class=&#8221;margin-bottom-100&#8243;][vc_column width=&#8221;3\/4&#8243; el_class=&#8221;col-md-9 col-sm-12&#8243;][\/vc_column][vc_column width=&#8221;1\/4&#8243; el_class=&#8221;col-md-3 col-sm-12 hidden-sm hidden-xs&#8221;][vc_widget_sidebar sidebar_id=&#8221;sidebar-1&#8243;][\/vc_column][\/vc_row]<\/p>\n","protected":false},"author":2653,"featured_media":0,"parent":0,"menu_order":0,"comment_status":"closed","ping_status":"closed","template":"","meta":{"_acf_changed":false,"footnotes":""},"class_list":["post-12090","page","type-page","status-publish","hentry"],"acf":[],"yoast_head":"<!-- This site is optimized with the Yoast SEO plugin v27.3 - https:\/\/yoast.com\/product\/yoast-seo-wordpress\/ -->\n<title>Neuigkeiten &amp; Events - Bat Group<\/title>\n<meta name=\"description\" content=\"News aus der Welt der Markisen und deren Installation. Lesen Sie unsere Artikel um immer auf dem neuesten Stand zu bleiben.\" \/>\n<meta name=\"robots\" content=\"index, follow, max-snippet:-1, max-image-preview:large, max-video-preview:-1\" \/>\n<link rel=\"canonical\" href=\"https:\/\/www.batgroup.com\/de\/neuigkeiten\/\" \/>\n<meta property=\"og:locale\" content=\"de_DE\" \/>\n<meta property=\"og:type\" content=\"article\" \/>\n<meta property=\"og:title\" content=\"Neuigkeiten &amp; Events - Bat Group\" \/>\n<meta property=\"og:description\" content=\"News aus der Welt der Markisen und deren Installation. Lesen Sie unsere Artikel um immer auf dem neuesten Stand zu bleiben.\" \/>\n<meta property=\"og:url\" content=\"https:\/\/www.batgroup.com\/de\/neuigkeiten\/\" \/>\n<meta property=\"og:site_name\" content=\"Bat Group\" \/>\n<meta property=\"article:modified_time\" content=\"2017-12-13T13:51:12+00:00\" \/>\n<meta name=\"twitter:card\" content=\"summary_large_image\" \/>\n<!-- \/ Yoast SEO plugin. -->","yoast_head_json":{"title":"Neuigkeiten & Events - Bat Group","description":"News aus der Welt der Markisen und deren Installation. Lesen Sie unsere Artikel um immer auf dem neuesten Stand zu bleiben.","robots":{"index":"index","follow":"follow","max-snippet":"max-snippet:-1","max-image-preview":"max-image-preview:large","max-video-preview":"max-video-preview:-1"},"canonical":"https:\/\/www.batgroup.com\/de\/neuigkeiten\/","og_locale":"de_DE","og_type":"article","og_title":"Neuigkeiten & Events - Bat Group","og_description":"News aus der Welt der Markisen und deren Installation. Lesen Sie unsere Artikel um immer auf dem neuesten Stand zu bleiben.","og_url":"https:\/\/www.batgroup.com\/de\/neuigkeiten\/","og_site_name":"Bat Group","article_modified_time":"2017-12-13T13:51:12+00:00","twitter_card":"summary_large_image","schema":{"@context":"https:\/\/schema.org","@graph":[{"@type":"WebPage","@id":"https:\/\/www.batgroup.com\/de\/neuigkeiten\/","url":"https:\/\/www.batgroup.com\/de\/neuigkeiten\/","name":"Neuigkeiten & Events - Bat Group","isPartOf":{"@id":"https:\/\/www.batgroup.com\/us\/#website"},"datePublished":"2017-11-15T16:31:29+00:00","dateModified":"2017-12-13T13:51:12+00:00","description":"News aus der Welt der Markisen und deren Installation. Lesen Sie unsere Artikel um immer auf dem neuesten Stand zu bleiben.","breadcrumb":{"@id":"https:\/\/www.batgroup.com\/de\/neuigkeiten\/#breadcrumb"},"inLanguage":"de","potentialAction":[{"@type":"ReadAction","target":["https:\/\/www.batgroup.com\/de\/neuigkeiten\/"]}]},{"@type":"BreadcrumbList","@id":"https:\/\/www.batgroup.com\/de\/neuigkeiten\/#breadcrumb","itemListElement":[{"@type":"ListItem","position":1,"name":"Home","item":"https:\/\/www.batgroup.com\/de\/"},{"@type":"ListItem","position":2,"name":"Neuigkeiten"}]},{"@type":"WebSite","@id":"https:\/\/www.batgroup.com\/us\/#website","url":"https:\/\/www.batgroup.com\/us\/","name":"Bat Group","description":"Accessori e componenti per sistemi di schermatura solare","potentialAction":[{"@type":"SearchAction","target":{"@type":"EntryPoint","urlTemplate":"https:\/\/www.batgroup.com\/us\/?s={search_term_string}"},"query-input":{"@type":"PropertyValueSpecification","valueRequired":true,"valueName":"search_term_string"}}],"inLanguage":"de"}]}},"_links":{"self":[{"href":"https:\/\/www.batgroup.com\/de\/wp-json\/wp\/v2\/pages\/12090\/"}],"collection":[{"href":"https:\/\/www.batgroup.com\/de\/wp-json\/wp\/v2\/pages\/"}],"about":[{"href":"https:\/\/www.batgroup.com\/de\/wp-json\/wp\/v2\/types\/page\/"}],"author":[{"embeddable":true,"href":"https:\/\/www.batgroup.com\/de\/wp-json\/wp\/v2\/users\/2653\/"}],"replies":[{"embeddable":true,"href":"https:\/\/www.batgroup.com\/de\/wp-json\/wp\/v2\/comments\/?post=12090"}],"version-history":[{"count":0,"href":"https:\/\/www.batgroup.com\/de\/wp-json\/wp\/v2\/pages\/12090\/revisions\/"}],"wp:attachment":[{"href":"https:\/\/www.batgroup.com\/de\/wp-json\/wp\/v2\/media\/?parent=12090"}],"curies":[{"name":"wp","href":"https:\/\/api.w.org\/{rel}","templated":true}]}}